{"id":1807,"date":"2012-12-18T09:01:03","date_gmt":"2012-12-18T08:01:03","guid":{"rendered":"http:\/\/mediterrania.adgency.es\/premi-pilarin-bayes\/pilarin-bayes-archivo-1\/"},"modified":"2015-12-18T18:29:55","modified_gmt":"2015-12-18T17:29:55","slug":"pilarin-bayes-2004","status":"publish","type":"page","link":"https:\/\/editorialmediterrania.com\/es\/premio-pilarin-bayes\/pilarin-bayes-2004\/","title":{"rendered":"Premio Pilar\u00edn Bay\u00e9s 2004"},"content":{"rendered":"<h2><b>La cultura mediterr\u00e1nea<\/b><\/h2>\n<h2><b>1\u00aa edici\u00f3n (2004)<\/b><\/h2>\n<p>El primer a\u00f1o del premio recibimos <strong>927 cuentos<\/strong> de <strong>84 escuelas<\/strong> de Catalu\u00f1a.<\/p>\n<p>El 23 de abril de 2004, en el programa El mat\u00ed de Catalunya R\u00e0dio, Antoni Bassas emiti\u00f3 en directo el veredicto del premio y por tel\u00e9fono contact\u00f3 con la escuela de Les Borges Blanques que obtuvo uno de los cinco premios del ciclo inicial.<\/p>\n<p>El 27 de mayo se entregaron los galardones en una fiesta, en la que participaron 1.200 ni\u00f1os y ni\u00f1as, en el Teatre Vict\u00f2ria de Barcelona. Fue un acto que todos los participantes hicieron suyo, ni\u00f1os, ni\u00f1as, profesores, padres, jurado\u2026 y el grupo de animaci\u00f3n Xip Xap, que presentaron el evento. Adem\u00e1s, la cantante Beth ley\u00f3 un cuento del ciclo medio mientras Pilar\u00edn convert\u00eda sus palabras en dibujos.<\/p>\n<p>&nbsp;<\/p>\n<p>Una vez finalizado el acto se obsequi\u00f3 a los 1.200 participantes con un ejemplar del libro que recoge los 15 cuentos premiados con el t\u00edtulo\u00a0<a href=\"http:\/\/editorialmediterrania.com\/product\/contes-de-la-mediterrania\/\"><strong><i>Contes de la Mediterr\u00e0nia<\/i><\/strong><\/a>.<\/p>\n<p>Els cuentos ganadores fueron:<\/p>\n<p><strong>&#8211; Ciclo inicial:<\/strong><\/p>\n<ul>\n<li><strong>El somni de l\u2019Olivina<\/strong> con el pseud\u00f3nimo Princesa somniadora, de la escuela Mare de D\u00e9u de Montserrat, de Les Borges Blanques.<\/li>\n<li><strong>En Gepi troba el mar <\/strong>con el pseud\u00f3nimo\u00a0Les aranyes, de la escuela\u00a0Sant\u00edssima Trinitat, de Badalona.<\/li>\n<li><strong>Les petxines m\u00e0giques<\/strong>\u00a0con el pseud\u00f3nimo Les llunes, de la escuela\u00a0Herois del Bruc, de Piera.<\/li>\n<li><strong>La Gioconda parla!\u00a0<\/strong>con el pseud\u00f3nimo Jardiners, de la escuela\u00a0CEIPM Els Pins, de Barcelona.<\/li>\n<li><strong>Viatge pel Mediterrani\u00a0<\/strong>con el pseud\u00f3nimo Agor\u00ed, de la escuela\u00a0\u00c0gora, de Sant Cugat del Vall\u00e8s.<\/li>\n<\/ul>\n<p><strong>&#8211; Ciclo medio:<\/strong><\/p>\n<ul>\n<li><strong>\u00a0L\u2019olivera del Mediterrani\u00a0<\/strong>con el pseud\u00f3nimo Roger Pinyol, de la escuela\u00a0Maristes de Sabadell.<\/li>\n<li><strong>A la recerca del tresor <\/strong>con el pseud\u00f3nimo\u00a0Ocell blanc, de la escuela\u00a0CEIP Mare de D\u00e9u de Montserrat de Castellbisbal.<\/li>\n<li><strong>El dof\u00ed i la tortuga<\/strong>\u00a0con el pseud\u00f3nimo Shin Chan, de la escuela\u00a0CEIP Sant Bonifaci, de Vinaixa.<\/li>\n<li><strong>La gavina conta contes<\/strong>\u00a0con el pseud\u00f3nimo Kaelo,\u00a0de la escuela Pia, de T\u00e0rrega.<\/li>\n<li><strong>L\u2019Unai i el pelic\u00e0<\/strong>\u00a0con el pseud\u00f3nimo Abril Romi Segura, de la escuela\u00a0CEIP Pr\u00e0ctiques, de Tarragona.<\/li>\n<\/ul>\n<p><strong>&#8211; Ciclo superior:<\/strong><\/p>\n<ul>\n<li><strong>Els ulls del mar\u00a0<\/strong>con el pseud\u00f3nimo Estrella del cel, de la escuela\u00a0Men\u00e9ndez Pidal, de Barcelona.<\/li>\n<li><strong>La vida \u00e9s de colors<\/strong>\u00a0con el pseud\u00f3nimo Lin, de la escuela\u00a0CEIP N-1 de Pr\u00e0ctiques, de Barcelona.<\/li>\n<li><strong>La hist\u00f2ria d\u2019en Barbarroja<\/strong>\u00a0con el pseud\u00f3nimo Harry MGO Potter, de la escuela\u00a0La Salle, de Palam\u00f3s.<\/li>\n<li><strong>El rei dels peixos i la petxina<\/strong>\u00a0con el pseud\u00f3nimo Marina, de la escuela\u00a0Santa Maria de Gardeny, de Lleida.<\/li>\n<li><strong>L\u2019olivera<\/strong> con el pseud\u00f3nimo Flower, de la escuela\u00a0Daina Isard, d\u2019Olesa de Montserrat.<\/li>\n<\/ul>\n","protected":false},"excerpt":{"rendered":"<p>La cultura mediterr\u00e1nea 1\u00aa edici\u00f3n (2004) El primer a\u00f1o del premio recibimos 927 cuentos de 84 escuelas de Catalu\u00f1a. El 23 de abril de 2004, en el programa El mat\u00ed de Catalunya R\u00e0dio, Antoni Bassas emiti\u00f3 en directo el veredicto del premio y por tel\u00e9fono contact\u00f3 con la escuela de Les Borges Blanques que obtuvo [&hellip;]<\/p>\n","protected":false},"author":39,"featured_media":0,"parent":1690,"menu_order":0,"comment_status":"closed","ping_status":"open","template":"dms-templates\/dms-premi-pilarin.php","meta":{"footnotes":""},"class_list":["post-1807","page","type-page","status-publish","hentry"],"acf":[],"yoast_head":"<!-- This site is optimized with the Yoast SEO plugin v22.8 - https:\/\/yoast.com\/wordpress\/plugins\/seo\/ -->\n<title>Premio Pilar\u00edn Bay\u00e9s 2004 - Editorial Mediterr\u00e0nia<\/title>\n<meta name=\"description\" content=\"Descobreix un m\u00f3n de meravelles a trav\u00e9s dels llibres de la nostra editorial especialitzada en art, cultura i natura per a fam\u00edlies. Amb il\u00b7lustracions fascinants i hist\u00f2ries enriquidores, inspirem el descobriment i la curiositat en petits i grans, connectant-los amb el patrimoni cultural i el meravell\u00f3s m\u00f3n natural que ens envolta\" \/>\n<meta name=\"robots\" content=\"index, follow, max-snippet:-1, max-image-preview:large, max-video-preview:-1\" \/>\n<link rel=\"canonical\" href=\"https:\/\/editorialmediterrania.com\/es\/premio-pilarin-bayes\/pilarin-bayes-2004\/\" \/>\n<meta property=\"og:locale\" content=\"es_ES\" \/>\n<meta property=\"og:type\" content=\"article\" \/>\n<meta property=\"og:title\" content=\"Premio Pilar\u00edn Bay\u00e9s 2004 - Editorial Mediterr\u00e0nia\" \/>\n<meta property=\"og:description\" content=\"Descobreix un m\u00f3n de meravelles a trav\u00e9s dels llibres de la nostra editorial especialitzada en art, cultura i natura per a fam\u00edlies. Amb il\u00b7lustracions fascinants i hist\u00f2ries enriquidores, inspirem el descobriment i la curiositat en petits i grans, connectant-los amb el patrimoni cultural i el meravell\u00f3s m\u00f3n natural que ens envolta\" \/>\n<meta property=\"og:url\" content=\"https:\/\/editorialmediterrania.com\/es\/premio-pilarin-bayes\/pilarin-bayes-2004\/\" \/>\n<meta property=\"og:site_name\" content=\"Editorial Mediterr\u00e0nia\" \/>\n<meta property=\"article:modified_time\" content=\"2015-12-18T17:29:55+00:00\" \/>\n<meta property=\"og:image\" content=\"https:\/\/editorialmediterrania.com\/wp-content\/uploads\/2023\/03\/cropped-LOGO-ED_MEDITERRANIA_OK-2.png\" \/>\n\t<meta property=\"og:image:width\" content=\"512\" \/>\n\t<meta property=\"og:image:height\" content=\"512\" \/>\n\t<meta property=\"og:image:type\" content=\"image\/png\" \/>\n<meta name=\"twitter:card\" content=\"summary_large_image\" \/>\n<meta name=\"twitter:site\" content=\"@edmediterrania\" \/>\n<meta name=\"twitter:label1\" content=\"Tiempo de lectura\" \/>\n\t<meta name=\"twitter:data1\" content=\"2 minutos\" \/>\n<script type=\"application\/ld+json\" class=\"yoast-schema-graph\">{\"@context\":\"https:\/\/schema.org\",\"@graph\":[{\"@type\":\"WebPage\",\"@id\":\"https:\/\/editorialmediterrania.com\/es\/premio-pilarin-bayes\/pilarin-bayes-2004\/\",\"url\":\"https:\/\/editorialmediterrania.com\/es\/premio-pilarin-bayes\/pilarin-bayes-2004\/\",\"name\":\"Premio Pilar\u00edn Bay\u00e9s 2004 - Editorial Mediterr\u00e0nia\",\"isPartOf\":{\"@id\":\"https:\/\/editorialmediterrania.com\/es\/#website\"},\"datePublished\":\"2012-12-18T08:01:03+00:00\",\"dateModified\":\"2015-12-18T17:29:55+00:00\",\"description\":\"Descobreix un m\u00f3n de meravelles a trav\u00e9s dels llibres de la nostra editorial especialitzada en art, cultura i natura per a fam\u00edlies. Amb il\u00b7lustracions fascinants i hist\u00f2ries enriquidores, inspirem el descobriment i la curiositat en petits i grans, connectant-los amb el patrimoni cultural i el meravell\u00f3s m\u00f3n natural que ens envolta\",\"breadcrumb\":{\"@id\":\"https:\/\/editorialmediterrania.com\/es\/premio-pilarin-bayes\/pilarin-bayes-2004\/#breadcrumb\"},\"inLanguage\":\"es\",\"potentialAction\":[{\"@type\":\"ReadAction\",\"target\":[\"https:\/\/editorialmediterrania.com\/es\/premio-pilarin-bayes\/pilarin-bayes-2004\/\"]}]},{\"@type\":\"BreadcrumbList\",\"@id\":\"https:\/\/editorialmediterrania.com\/es\/premio-pilarin-bayes\/pilarin-bayes-2004\/#breadcrumb\",\"itemListElement\":[{\"@type\":\"ListItem\",\"position\":1,\"name\":\"Premio Pilar\u00edn Bay\u00e9s\",\"item\":\"https:\/\/editorialmediterrania.com\/es\/premi-pilarin-bayes\/\"},{\"@type\":\"ListItem\",\"position\":2,\"name\":\"Premio Pilar\u00edn Bay\u00e9s 2004\"}]},{\"@type\":\"WebSite\",\"@id\":\"https:\/\/editorialmediterrania.com\/es\/#website\",\"url\":\"https:\/\/editorialmediterrania.com\/es\/\",\"name\":\"Editorial Mediterrania\",\"description\":\"Llibres que t\u2019obriran nous mons\",\"publisher\":{\"@id\":\"https:\/\/editorialmediterrania.com\/es\/#organization\"},\"alternateName\":\"Llibres infantils d'art, cultura i natura\",\"potentialAction\":[{\"@type\":\"SearchAction\",\"target\":{\"@type\":\"EntryPoint\",\"urlTemplate\":\"https:\/\/editorialmediterrania.com\/es\/?s={search_term_string}\"},\"query-input\":\"required name=search_term_string\"}],\"inLanguage\":\"es\"},{\"@type\":\"Organization\",\"@id\":\"https:\/\/editorialmediterrania.com\/es\/#organization\",\"name\":\"Editorial Mediterrania\",\"alternateName\":\"Llibres d'art, cultura i natura per infants i fam\u00edlies\",\"url\":\"https:\/\/editorialmediterrania.com\/es\/\",\"logo\":{\"@type\":\"ImageObject\",\"inLanguage\":\"es\",\"@id\":\"https:\/\/editorialmediterrania.com\/es\/#\/schema\/logo\/image\/\",\"url\":\"https:\/\/editorialmediterrania.com\/wp-content\/uploads\/2023\/03\/LOGO-ED_MEDITERRANIA_OK-2.png\",\"contentUrl\":\"https:\/\/editorialmediterrania.com\/wp-content\/uploads\/2023\/03\/LOGO-ED_MEDITERRANIA_OK-2.png\",\"width\":1200,\"height\":300,\"caption\":\"Editorial Mediterrania\"},\"image\":{\"@id\":\"https:\/\/editorialmediterrania.com\/es\/#\/schema\/logo\/image\/\"},\"sameAs\":[\"https:\/\/x.com\/edmediterrania\",\"https:\/\/www.instagram.com\/editorialmediterrania\/\"]}]}<\/script>\n<!-- \/ Yoast SEO plugin. -->","yoast_head_json":{"title":"Premio Pilar\u00edn Bay\u00e9s 2004 - Editorial Mediterr\u00e0nia","description":"Descobreix un m\u00f3n de meravelles a trav\u00e9s dels llibres de la nostra editorial especialitzada en art, cultura i natura per a fam\u00edlies. Amb il\u00b7lustracions fascinants i hist\u00f2ries enriquidores, inspirem el descobriment i la curiositat en petits i grans, connectant-los amb el patrimoni cultural i el meravell\u00f3s m\u00f3n natural que ens envolta","robots":{"index":"index","follow":"follow","max-snippet":"max-snippet:-1","max-image-preview":"max-image-preview:large","max-video-preview":"max-video-preview:-1"},"canonical":"https:\/\/editorialmediterrania.com\/es\/premio-pilarin-bayes\/pilarin-bayes-2004\/","og_locale":"es_ES","og_type":"article","og_title":"Premio Pilar\u00edn Bay\u00e9s 2004 - Editorial Mediterr\u00e0nia","og_description":"Descobreix un m\u00f3n de meravelles a trav\u00e9s dels llibres de la nostra editorial especialitzada en art, cultura i natura per a fam\u00edlies. Amb il\u00b7lustracions fascinants i hist\u00f2ries enriquidores, inspirem el descobriment i la curiositat en petits i grans, connectant-los amb el patrimoni cultural i el meravell\u00f3s m\u00f3n natural que ens envolta","og_url":"https:\/\/editorialmediterrania.com\/es\/premio-pilarin-bayes\/pilarin-bayes-2004\/","og_site_name":"Editorial Mediterr\u00e0nia","article_modified_time":"2015-12-18T17:29:55+00:00","og_image":[{"width":512,"height":512,"url":"https:\/\/editorialmediterrania.com\/wp-content\/uploads\/2023\/03\/cropped-LOGO-ED_MEDITERRANIA_OK-2.png","type":"image\/png"}],"twitter_card":"summary_large_image","twitter_site":"@edmediterrania","twitter_misc":{"Tiempo de lectura":"2 minutos"},"schema":{"@context":"https:\/\/schema.org","@graph":[{"@type":"WebPage","@id":"https:\/\/editorialmediterrania.com\/es\/premio-pilarin-bayes\/pilarin-bayes-2004\/","url":"https:\/\/editorialmediterrania.com\/es\/premio-pilarin-bayes\/pilarin-bayes-2004\/","name":"Premio Pilar\u00edn Bay\u00e9s 2004 - Editorial Mediterr\u00e0nia","isPartOf":{"@id":"https:\/\/editorialmediterrania.com\/es\/#website"},"datePublished":"2012-12-18T08:01:03+00:00","dateModified":"2015-12-18T17:29:55+00:00","description":"Descobreix un m\u00f3n de meravelles a trav\u00e9s dels llibres de la nostra editorial especialitzada en art, cultura i natura per a fam\u00edlies. Amb il\u00b7lustracions fascinants i hist\u00f2ries enriquidores, inspirem el descobriment i la curiositat en petits i grans, connectant-los amb el patrimoni cultural i el meravell\u00f3s m\u00f3n natural que ens envolta","breadcrumb":{"@id":"https:\/\/editorialmediterrania.com\/es\/premio-pilarin-bayes\/pilarin-bayes-2004\/#breadcrumb"},"inLanguage":"es","potentialAction":[{"@type":"ReadAction","target":["https:\/\/editorialmediterrania.com\/es\/premio-pilarin-bayes\/pilarin-bayes-2004\/"]}]},{"@type":"BreadcrumbList","@id":"https:\/\/editorialmediterrania.com\/es\/premio-pilarin-bayes\/pilarin-bayes-2004\/#breadcrumb","itemListElement":[{"@type":"ListItem","position":1,"name":"Premio Pilar\u00edn Bay\u00e9s","item":"https:\/\/editorialmediterrania.com\/es\/premi-pilarin-bayes\/"},{"@type":"ListItem","position":2,"name":"Premio Pilar\u00edn Bay\u00e9s 2004"}]},{"@type":"WebSite","@id":"https:\/\/editorialmediterrania.com\/es\/#website","url":"https:\/\/editorialmediterrania.com\/es\/","name":"Editorial Mediterrania","description":"Llibres que t\u2019obriran nous mons","publisher":{"@id":"https:\/\/editorialmediterrania.com\/es\/#organization"},"alternateName":"Llibres infantils d'art, cultura i natura","potentialAction":[{"@type":"SearchAction","target":{"@type":"EntryPoint","urlTemplate":"https:\/\/editorialmediterrania.com\/es\/?s={search_term_string}"},"query-input":"required name=search_term_string"}],"inLanguage":"es"},{"@type":"Organization","@id":"https:\/\/editorialmediterrania.com\/es\/#organization","name":"Editorial Mediterrania","alternateName":"Llibres d'art, cultura i natura per infants i fam\u00edlies","url":"https:\/\/editorialmediterrania.com\/es\/","logo":{"@type":"ImageObject","inLanguage":"es","@id":"https:\/\/editorialmediterrania.com\/es\/#\/schema\/logo\/image\/","url":"https:\/\/editorialmediterrania.com\/wp-content\/uploads\/2023\/03\/LOGO-ED_MEDITERRANIA_OK-2.png","contentUrl":"https:\/\/editorialmediterrania.com\/wp-content\/uploads\/2023\/03\/LOGO-ED_MEDITERRANIA_OK-2.png","width":1200,"height":300,"caption":"Editorial Mediterrania"},"image":{"@id":"https:\/\/editorialmediterrania.com\/es\/#\/schema\/logo\/image\/"},"sameAs":["https:\/\/x.com\/edmediterrania","https:\/\/www.instagram.com\/editorialmediterrania\/"]}]}},"_links":{"self":[{"href":"https:\/\/editorialmediterrania.com\/es\/wp-json\/wp\/v2\/pages\/1807","targetHints":{"allow":["GET"]}}],"collection":[{"href":"https:\/\/editorialmediterrania.com\/es\/wp-json\/wp\/v2\/pages"}],"about":[{"href":"https:\/\/editorialmediterrania.com\/es\/wp-json\/wp\/v2\/types\/page"}],"author":[{"embeddable":true,"href":"https:\/\/editorialmediterrania.com\/es\/wp-json\/wp\/v2\/users\/39"}],"replies":[{"embeddable":true,"href":"https:\/\/editorialmediterrania.com\/es\/wp-json\/wp\/v2\/comments?post=1807"}],"version-history":[{"count":0,"href":"https:\/\/editorialmediterrania.com\/es\/wp-json\/wp\/v2\/pages\/1807\/revisions"}],"up":[{"embeddable":true,"href":"https:\/\/editorialmediterrania.com\/es\/wp-json\/wp\/v2\/pages\/1690"}],"wp:attachment":[{"href":"https:\/\/editorialmediterrania.com\/es\/wp-json\/wp\/v2\/media?parent=1807"}],"curies":[{"name":"wp","href":"https:\/\/api.w.org\/{rel}","templated":true}]}}