{"id":48960,"date":"2026-02-20T10:17:42","date_gmt":"2026-02-20T09:17:42","guid":{"rendered":"https:\/\/editorialmediterrania.com\/producte\/agenda-barcelona-2027\/"},"modified":"2026-03-06T11:39:23","modified_gmt":"2026-03-06T10:39:23","slug":"agenda-barcelona-2027","status":"publish","type":"product","link":"https:\/\/editorialmediterrania.com\/es\/producto\/agenda-barcelona-2027\/","title":{"rendered":"Agenda Barcelona 2027"},"content":{"rendered":"<p data-start=\"91\" data-end=\"331\"><strong data-start=\"91\" data-end=\"135\">Con ilustraciones de Jordi Vila Delcl\u00f2s<\/strong><br \/>\n<strong>La agenda ilustrada a semana vista, llena de citas y rincones de Barcelona por descubrir!<\/strong><br \/>\nYa est\u00e1 disponible la <em>Agenda Barcelona 2027 <\/em>de Editorial Mediterr\u00e0nia, un recorrido lleno de vida por los paisajes m\u00e1s evocadores y por los rincones m\u00e1s sorprendentes, ideal para perderse por Barcelona.<br data-start=\"135\" data-end=\"138\">Adem\u00e1s de ilustraciones a todo color, la agenda incluye fragmentos de obras literarias y frases de artistas de todo tipos que hacen referencia en la ciudad: de Eduardo Mendoza a Mario Vargas Llosa, de Albert S\u00e1nchez Pi\u00f1ol a Rodrigo Fres\u00e1n, de Gabriel Garc\u00eda M\u00e1rquez a Montserrat Roig.<\/p>\n<p><strong>Las claves de la agenda<\/strong><\/p>\n<ul>\n<li>14a edici\u00f3n de la agenda Barcelona que ya lleva m\u00e1s de 40.000 ejemplares vendidos.<\/li>\n<li data-start=\"91\" data-end=\"331\">Agenda en catal\u00e1n e ingl\u00e9s con cierra con goma y cinta de lectura<\/li>\n<li data-start=\"91\" data-end=\"331\">Jordi Vila Delcl\u00f2s es un reconocido muy querido por lectores y libreros.<\/li>\n<\/ul>\n","protected":false},"excerpt":{"rendered":"<p>Una agenda ilustrada a semana vista, llena de citas inspiradoras y rincones sorprendentes para explorar.<\/p>\n","protected":false},"featured_media":48711,"template":"","meta":[],"product_cat":[6552,30,3350,4570],"product_tag":[],"autors":[],"class_list":{"0":"post-48960","1":"product","2":"type-product","3":"status-publish","4":"has-post-thumbnail","6":"product_cat-gaudi","7":"product_cat-editorial-mediterrania","8":"product_cat-mediterrania-productes","9":"product_cat-productos","11":"first","12":"instock","13":"taxable","14":"shipping-taxable","15":"purchasable","16":"product-type-simple","swatches":"rey-swatches","show_selected":""},"acf":[],"yoast_head":"<!-- This site is optimized with the Yoast SEO plugin v22.8 - https:\/\/yoast.com\/wordpress\/plugins\/seo\/ -->\n<title>Agenda Barcelona 2027 - Editorial Mediterr\u00e0nia<\/title>\n<meta name=\"description\" content=\"Agenda Barcelona 2027, la \u00fanica agenda ilustrada de Barcelona con citas e ilustraciones de la Ciudad de Barcelona. \u00a1Edici\u00f3n limitada!\" \/>\n<meta name=\"robots\" content=\"index, follow, max-snippet:-1, max-image-preview:large, max-video-preview:-1\" \/>\n<link rel=\"canonical\" href=\"https:\/\/editorialmediterrania.com\/es\/producto\/agenda-barcelona-2027\/\" \/>\n<meta property=\"og:locale\" content=\"es_ES\" \/>\n<meta property=\"og:type\" content=\"article\" \/>\n<meta property=\"og:title\" content=\"Agenda Barcelona 2027 - Editorial Mediterr\u00e0nia\" \/>\n<meta property=\"og:description\" content=\"Agenda Barcelona 2027, la \u00fanica agenda ilustrada de Barcelona con citas e ilustraciones de la Ciudad de Barcelona. \u00a1Edici\u00f3n limitada!\" \/>\n<meta property=\"og:url\" content=\"https:\/\/editorialmediterrania.com\/es\/producto\/agenda-barcelona-2027\/\" \/>\n<meta property=\"og:site_name\" content=\"Editorial Mediterr\u00e0nia\" \/>\n<meta property=\"article:modified_time\" content=\"2026-03-06T10:39:23+00:00\" \/>\n<meta property=\"og:image\" content=\"https:\/\/editorialmediterrania.com\/wp-content\/uploads\/2026\/02\/Portada-agenda-2027-780x1024.png\" \/>\n\t<meta property=\"og:image:width\" content=\"780\" \/>\n\t<meta property=\"og:image:height\" content=\"1024\" \/>\n\t<meta property=\"og:image:type\" content=\"image\/png\" \/>\n<meta name=\"twitter:card\" content=\"summary_large_image\" \/>\n<meta name=\"twitter:site\" content=\"@edmediterrania\" \/>\n<meta name=\"twitter:label1\" content=\"Tiempo de lectura\" \/>\n\t<meta name=\"twitter:data1\" content=\"1 minuto\" \/>\n<script type=\"application\/ld+json\" class=\"yoast-schema-graph\">{\"@context\":\"https:\/\/schema.org\",\"@graph\":[{\"@type\":\"WebPage\",\"@id\":\"https:\/\/editorialmediterrania.com\/es\/producto\/agenda-barcelona-2027\/\",\"url\":\"https:\/\/editorialmediterrania.com\/es\/producto\/agenda-barcelona-2027\/\",\"name\":\"Agenda Barcelona 2027 - Editorial Mediterr\u00e0nia\",\"isPartOf\":{\"@id\":\"https:\/\/editorialmediterrania.com\/es\/#website\"},\"primaryImageOfPage\":{\"@id\":\"https:\/\/editorialmediterrania.com\/es\/producto\/agenda-barcelona-2027\/#primaryimage\"},\"image\":{\"@id\":\"https:\/\/editorialmediterrania.com\/es\/producto\/agenda-barcelona-2027\/#primaryimage\"},\"thumbnailUrl\":\"https:\/\/editorialmediterrania.com\/wp-content\/uploads\/2026\/02\/Portada-agenda-2027.png\",\"datePublished\":\"2026-02-20T09:17:42+00:00\",\"dateModified\":\"2026-03-06T10:39:23+00:00\",\"description\":\"Agenda Barcelona 2027, la \u00fanica agenda ilustrada de Barcelona con citas e ilustraciones de la Ciudad de Barcelona. \u00a1Edici\u00f3n limitada!\",\"breadcrumb\":{\"@id\":\"https:\/\/editorialmediterrania.com\/es\/producto\/agenda-barcelona-2027\/#breadcrumb\"},\"inLanguage\":\"es\",\"potentialAction\":[{\"@type\":\"ReadAction\",\"target\":[\"https:\/\/editorialmediterrania.com\/es\/producto\/agenda-barcelona-2027\/\"]}]},{\"@type\":\"ImageObject\",\"inLanguage\":\"es\",\"@id\":\"https:\/\/editorialmediterrania.com\/es\/producto\/agenda-barcelona-2027\/#primaryimage\",\"url\":\"https:\/\/editorialmediterrania.com\/wp-content\/uploads\/2026\/02\/Portada-agenda-2027.png\",\"contentUrl\":\"https:\/\/editorialmediterrania.com\/wp-content\/uploads\/2026\/02\/Portada-agenda-2027.png\",\"width\":1524,\"height\":2000},{\"@type\":\"BreadcrumbList\",\"@id\":\"https:\/\/editorialmediterrania.com\/es\/producto\/agenda-barcelona-2027\/#breadcrumb\",\"itemListElement\":[{\"@type\":\"ListItem\",\"position\":1,\"name\":\"Tienda de libros infantiles de arte\",\"item\":\"https:\/\/editorialmediterrania.com\/es\/tienda-de-libros-infantiles-arte\/\"},{\"@type\":\"ListItem\",\"position\":2,\"name\":\"Agenda Barcelona 2027\"}]},{\"@type\":\"WebSite\",\"@id\":\"https:\/\/editorialmediterrania.com\/es\/#website\",\"url\":\"https:\/\/editorialmediterrania.com\/es\/\",\"name\":\"Editorial Mediterrania\",\"description\":\"Llibres que t\u2019obriran nous mons\",\"publisher\":{\"@id\":\"https:\/\/editorialmediterrania.com\/es\/#organization\"},\"alternateName\":\"Llibres infantils d'art, cultura i natura\",\"potentialAction\":[{\"@type\":\"SearchAction\",\"target\":{\"@type\":\"EntryPoint\",\"urlTemplate\":\"https:\/\/editorialmediterrania.com\/es\/?s={search_term_string}\"},\"query-input\":\"required name=search_term_string\"}],\"inLanguage\":\"es\"},{\"@type\":\"Organization\",\"@id\":\"https:\/\/editorialmediterrania.com\/es\/#organization\",\"name\":\"Editorial Mediterrania\",\"alternateName\":\"Llibres d'art, cultura i natura per infants i fam\u00edlies\",\"url\":\"https:\/\/editorialmediterrania.com\/es\/\",\"logo\":{\"@type\":\"ImageObject\",\"inLanguage\":\"es\",\"@id\":\"https:\/\/editorialmediterrania.com\/es\/#\/schema\/logo\/image\/\",\"url\":\"https:\/\/editorialmediterrania.com\/wp-content\/uploads\/2023\/03\/LOGO-ED_MEDITERRANIA_OK-2.png\",\"contentUrl\":\"https:\/\/editorialmediterrania.com\/wp-content\/uploads\/2023\/03\/LOGO-ED_MEDITERRANIA_OK-2.png\",\"width\":1200,\"height\":300,\"caption\":\"Editorial Mediterrania\"},\"image\":{\"@id\":\"https:\/\/editorialmediterrania.com\/es\/#\/schema\/logo\/image\/\"},\"sameAs\":[\"https:\/\/x.com\/edmediterrania\",\"https:\/\/www.instagram.com\/editorialmediterrania\/\"]}]}<\/script>\n<!-- \/ Yoast SEO plugin. -->","yoast_head_json":{"title":"Agenda Barcelona 2027 - Editorial Mediterr\u00e0nia","description":"Agenda Barcelona 2027, la \u00fanica agenda ilustrada de Barcelona con citas e ilustraciones de la Ciudad de Barcelona. \u00a1Edici\u00f3n limitada!","robots":{"index":"index","follow":"follow","max-snippet":"max-snippet:-1","max-image-preview":"max-image-preview:large","max-video-preview":"max-video-preview:-1"},"canonical":"https:\/\/editorialmediterrania.com\/es\/producto\/agenda-barcelona-2027\/","og_locale":"es_ES","og_type":"article","og_title":"Agenda Barcelona 2027 - Editorial Mediterr\u00e0nia","og_description":"Agenda Barcelona 2027, la \u00fanica agenda ilustrada de Barcelona con citas e ilustraciones de la Ciudad de Barcelona. \u00a1Edici\u00f3n limitada!","og_url":"https:\/\/editorialmediterrania.com\/es\/producto\/agenda-barcelona-2027\/","og_site_name":"Editorial Mediterr\u00e0nia","article_modified_time":"2026-03-06T10:39:23+00:00","og_image":[{"width":780,"height":1024,"url":"https:\/\/editorialmediterrania.com\/wp-content\/uploads\/2026\/02\/Portada-agenda-2027-780x1024.png","type":"image\/png"}],"twitter_card":"summary_large_image","twitter_site":"@edmediterrania","twitter_misc":{"Tiempo de lectura":"1 minuto"},"schema":{"@context":"https:\/\/schema.org","@graph":[{"@type":"WebPage","@id":"https:\/\/editorialmediterrania.com\/es\/producto\/agenda-barcelona-2027\/","url":"https:\/\/editorialmediterrania.com\/es\/producto\/agenda-barcelona-2027\/","name":"Agenda Barcelona 2027 - Editorial Mediterr\u00e0nia","isPartOf":{"@id":"https:\/\/editorialmediterrania.com\/es\/#website"},"primaryImageOfPage":{"@id":"https:\/\/editorialmediterrania.com\/es\/producto\/agenda-barcelona-2027\/#primaryimage"},"image":{"@id":"https:\/\/editorialmediterrania.com\/es\/producto\/agenda-barcelona-2027\/#primaryimage"},"thumbnailUrl":"https:\/\/editorialmediterrania.com\/wp-content\/uploads\/2026\/02\/Portada-agenda-2027.png","datePublished":"2026-02-20T09:17:42+00:00","dateModified":"2026-03-06T10:39:23+00:00","description":"Agenda Barcelona 2027, la \u00fanica agenda ilustrada de Barcelona con citas e ilustraciones de la Ciudad de Barcelona. \u00a1Edici\u00f3n limitada!","breadcrumb":{"@id":"https:\/\/editorialmediterrania.com\/es\/producto\/agenda-barcelona-2027\/#breadcrumb"},"inLanguage":"es","potentialAction":[{"@type":"ReadAction","target":["https:\/\/editorialmediterrania.com\/es\/producto\/agenda-barcelona-2027\/"]}]},{"@type":"ImageObject","inLanguage":"es","@id":"https:\/\/editorialmediterrania.com\/es\/producto\/agenda-barcelona-2027\/#primaryimage","url":"https:\/\/editorialmediterrania.com\/wp-content\/uploads\/2026\/02\/Portada-agenda-2027.png","contentUrl":"https:\/\/editorialmediterrania.com\/wp-content\/uploads\/2026\/02\/Portada-agenda-2027.png","width":1524,"height":2000},{"@type":"BreadcrumbList","@id":"https:\/\/editorialmediterrania.com\/es\/producto\/agenda-barcelona-2027\/#breadcrumb","itemListElement":[{"@type":"ListItem","position":1,"name":"Tienda de libros infantiles de arte","item":"https:\/\/editorialmediterrania.com\/es\/tienda-de-libros-infantiles-arte\/"},{"@type":"ListItem","position":2,"name":"Agenda Barcelona 2027"}]},{"@type":"WebSite","@id":"https:\/\/editorialmediterrania.com\/es\/#website","url":"https:\/\/editorialmediterrania.com\/es\/","name":"Editorial Mediterrania","description":"Llibres que t\u2019obriran nous mons","publisher":{"@id":"https:\/\/editorialmediterrania.com\/es\/#organization"},"alternateName":"Llibres infantils d'art, cultura i natura","potentialAction":[{"@type":"SearchAction","target":{"@type":"EntryPoint","urlTemplate":"https:\/\/editorialmediterrania.com\/es\/?s={search_term_string}"},"query-input":"required name=search_term_string"}],"inLanguage":"es"},{"@type":"Organization","@id":"https:\/\/editorialmediterrania.com\/es\/#organization","name":"Editorial Mediterrania","alternateName":"Llibres d'art, cultura i natura per infants i fam\u00edlies","url":"https:\/\/editorialmediterrania.com\/es\/","logo":{"@type":"ImageObject","inLanguage":"es","@id":"https:\/\/editorialmediterrania.com\/es\/#\/schema\/logo\/image\/","url":"https:\/\/editorialmediterrania.com\/wp-content\/uploads\/2023\/03\/LOGO-ED_MEDITERRANIA_OK-2.png","contentUrl":"https:\/\/editorialmediterrania.com\/wp-content\/uploads\/2023\/03\/LOGO-ED_MEDITERRANIA_OK-2.png","width":1200,"height":300,"caption":"Editorial Mediterrania"},"image":{"@id":"https:\/\/editorialmediterrania.com\/es\/#\/schema\/logo\/image\/"},"sameAs":["https:\/\/x.com\/edmediterrania","https:\/\/www.instagram.com\/editorialmediterrania\/"]}]}},"_links":{"self":[{"href":"https:\/\/editorialmediterrania.com\/es\/wp-json\/wp\/v2\/product\/48960","targetHints":{"allow":["GET"]}}],"collection":[{"href":"https:\/\/editorialmediterrania.com\/es\/wp-json\/wp\/v2\/product"}],"about":[{"href":"https:\/\/editorialmediterrania.com\/es\/wp-json\/wp\/v2\/types\/product"}],"wp:featuredmedia":[{"embeddable":true,"href":"https:\/\/editorialmediterrania.com\/es\/wp-json\/wp\/v2\/media\/48711"}],"wp:attachment":[{"href":"https:\/\/editorialmediterrania.com\/es\/wp-json\/wp\/v2\/media?parent=48960"}],"wp:term":[{"taxonomy":"product_cat","embeddable":true,"href":"https:\/\/editorialmediterrania.com\/es\/wp-json\/wp\/v2\/product_cat?post=48960"},{"taxonomy":"product_tag","embeddable":true,"href":"https:\/\/editorialmediterrania.com\/es\/wp-json\/wp\/v2\/product_tag?post=48960"},{"taxonomy":"autors","embeddable":true,"href":"https:\/\/editorialmediterrania.com\/es\/wp-json\/wp\/v2\/autors?post=48960"}],"curies":[{"name":"wp","href":"https:\/\/api.w.org\/{rel}","templated":true}]}}